{"id":8213,"date":"2021-10-12T14:46:22","date_gmt":"2021-10-12T12:46:22","guid":{"rendered":"https:\/\/www.weingut-hirtl.at\/product\/gruener-veltliner-reserve-2018\/"},"modified":"2026-04-07T17:10:11","modified_gmt":"2026-04-07T15:10:11","slug":"gruener-veltliner-reserve-2018","status":"publish","type":"product","link":"https:\/\/www.weingut-hirtl.at\/cs\/produkt\/gruener-veltliner-reserve-2018\/","title":{"rendered":"Gr\u00fcner Veltliner Reserve 2018"},"content":{"rendered":"","protected":false},"excerpt":{"rendered":"<p>Siln\u00fd Gr\u00fcner Veltliner s elegantn\u00ed vyzr\u00e1lost\u00ed. Ve v\u016fni se projevuje zral\u00e9 j\u00e1drov\u00e9 ovoce a jemn\u00e1 ko\u0159enitost, na pat\u0159e je such\u00fd s harmonick\u00fdm zbytkov\u00fdm cukrem a \u017eivou, pikantn\u00ed kyselinou. T\u00f3ny zral\u00e9 hru\u0161ky dopln\u011bn\u00e9 ko\u0159enit\u00fdmi n\u00e1znaky pep\u0159e a nov\u00e9ho ko\u0159en\u00ed mu dod\u00e1vaj\u00ed hloubku. Kr\u00e9mov\u00fd, vyv\u00e1\u017een\u00fd a s dlouhou dochut\u00ed \u2013 charakteristick\u00fd Veltliner pro v\u00fdjime\u010dn\u00e9 chv\u00edle.<\/p>\n<p><strong>Zralost k pit\u00ed: <\/strong>2-8 roky<strong><br \/>\nObsah: <\/strong>0,75l<\/p>\n<p><strong>13 sv. % | such\u00e9<\/strong><\/p>\n","protected":false},"featured_media":9302,"comment_status":"open","ping_status":"closed","template":"","meta":{"_acf_changed":false},"product_brand":[],"product_cat":[353,356,345],"product_tag":[371,374,363,372,375,373,376,377,378,379],"class_list":{"0":"post-8213","1":"product","2":"type-product","3":"status-publish","4":"has-post-thumbnail","6":"product_cat-bile-vino","7":"product_cat-bile-vino-rezervace","8":"product_cat-jedina-lahev","9":"product_tag-apfel-cs","10":"product_tag-gelbfruchtig-cs","11":"product_tag-gruener-veltliner-cs","12":"product_tag-kernobst-cs","13":"product_tag-komplex-cs","14":"product_tag-pfeffer-cs","15":"product_tag-reif-cs","16":"product_tag-reife-weine-cs","17":"product_tag-reserve-cs","18":"product_tag-wuerze-cs","20":"first","21":"instock","22":"taxable","23":"shipping-taxable","24":"purchasable","25":"product-type-simple"},"acf":[],"yoast_head":"<!-- This site is optimized with the Yoast SEO plugin v27.3 - https:\/\/yoast.com\/product\/yoast-seo-wordpress\/ -->\n<title>Gr\u00fcner Veltliner Reserve 2018 | Weingut Hirtl<\/title>\n<meta name=\"robots\" content=\"index, follow, max-snippet:-1, max-image-preview:large, max-video-preview:-1\" \/>\n<link rel=\"canonical\" href=\"https:\/\/www.weingut-hirtl.at\/cs\/produkt\/gruener-veltliner-reserve-2018\/\" \/>\n<meta property=\"og:locale\" content=\"cs_CZ\" \/>\n<meta property=\"og:type\" content=\"article\" \/>\n<meta property=\"og:title\" content=\"Gr\u00fcner Veltliner Reserve 2018 | Weingut Hirtl\" \/>\n<meta property=\"og:description\" content=\"Siln\u00fd Gr\u00fcner Veltliner s elegantn\u00ed vyzr\u00e1lost\u00ed. Ve v\u016fni se projevuje zral\u00e9 j\u00e1drov\u00e9 ovoce a jemn\u00e1 ko\u0159enitost, na pat\u0159e je such\u00fd s harmonick\u00fdm zbytkov\u00fdm cukrem a \u017eivou, pikantn\u00ed kyselinou. T\u00f3ny zral\u00e9 hru\u0161ky dopln\u011bn\u00e9 ko\u0159enit\u00fdmi n\u00e1znaky pep\u0159e a nov\u00e9ho ko\u0159en\u00ed mu dod\u00e1vaj\u00ed hloubku. Kr\u00e9mov\u00fd, vyv\u00e1\u017een\u00fd a s dlouhou dochut\u00ed \u2013 charakteristick\u00fd Veltliner pro v\u00fdjime\u010dn\u00e9 chv\u00edle.  Zralost k pit\u00ed: 2-8 roky Obsah: 0,75l  13 sv. % | such\u00e9\" \/>\n<meta property=\"og:url\" content=\"https:\/\/www.weingut-hirtl.at\/cs\/produkt\/gruener-veltliner-reserve-2018\/\" \/>\n<meta property=\"og:site_name\" content=\"Weingut Hirtl\" \/>\n<meta property=\"article:publisher\" content=\"https:\/\/www.facebook.com\/Wein.Hirtl\" \/>\n<meta property=\"article:modified_time\" content=\"2026-04-07T15:10:11+00:00\" \/>\n<meta property=\"og:image\" content=\"https:\/\/www.weingut-hirtl.at\/www\/wp-content\/uploads\/2021\/10\/Weinviertel-DAC-Reserve-2018-Weingut-Hirtl.png\" \/>\n\t<meta property=\"og:image:width\" content=\"600\" \/>\n\t<meta property=\"og:image:height\" content=\"600\" \/>\n\t<meta property=\"og:image:type\" content=\"image\/png\" \/>\n<meta name=\"twitter:card\" content=\"summary_large_image\" \/>\n<script type=\"application\/ld+json\" class=\"yoast-schema-graph\">{\"@context\":\"https:\\\/\\\/schema.org\",\"@graph\":[{\"@type\":\"WebPage\",\"@id\":\"https:\\\/\\\/www.weingut-hirtl.at\\\/cs\\\/produkt\\\/gruener-veltliner-reserve-2018\\\/\",\"url\":\"https:\\\/\\\/www.weingut-hirtl.at\\\/cs\\\/produkt\\\/gruener-veltliner-reserve-2018\\\/\",\"name\":\"Gr\u00fcner Veltliner Reserve 2018 | Weingut Hirtl\",\"isPartOf\":{\"@id\":\"https:\\\/\\\/www.weingut-hirtl.at\\\/cs\\\/#website\"},\"primaryImageOfPage\":{\"@id\":\"https:\\\/\\\/www.weingut-hirtl.at\\\/cs\\\/produkt\\\/gruener-veltliner-reserve-2018\\\/#primaryimage\"},\"image\":{\"@id\":\"https:\\\/\\\/www.weingut-hirtl.at\\\/cs\\\/produkt\\\/gruener-veltliner-reserve-2018\\\/#primaryimage\"},\"thumbnailUrl\":\"https:\\\/\\\/www.weingut-hirtl.at\\\/www\\\/wp-content\\\/uploads\\\/2021\\\/10\\\/Weinviertel-DAC-Reserve-2018-Weingut-Hirtl.png\",\"datePublished\":\"2021-10-12T12:46:22+00:00\",\"dateModified\":\"2026-04-07T15:10:11+00:00\",\"breadcrumb\":{\"@id\":\"https:\\\/\\\/www.weingut-hirtl.at\\\/cs\\\/produkt\\\/gruener-veltliner-reserve-2018\\\/#breadcrumb\"},\"inLanguage\":\"cs\",\"potentialAction\":[{\"@type\":\"ReadAction\",\"target\":[\"https:\\\/\\\/www.weingut-hirtl.at\\\/cs\\\/produkt\\\/gruener-veltliner-reserve-2018\\\/\"]}]},{\"@type\":\"ImageObject\",\"inLanguage\":\"cs\",\"@id\":\"https:\\\/\\\/www.weingut-hirtl.at\\\/cs\\\/produkt\\\/gruener-veltliner-reserve-2018\\\/#primaryimage\",\"url\":\"https:\\\/\\\/www.weingut-hirtl.at\\\/www\\\/wp-content\\\/uploads\\\/2021\\\/10\\\/Weinviertel-DAC-Reserve-2018-Weingut-Hirtl.png\",\"contentUrl\":\"https:\\\/\\\/www.weingut-hirtl.at\\\/www\\\/wp-content\\\/uploads\\\/2021\\\/10\\\/Weinviertel-DAC-Reserve-2018-Weingut-Hirtl.png\",\"width\":600,\"height\":600,\"caption\":\"Kr\u00e4ftiger, gereifter Veltliner mit W\u00fcrze und langem Abgang\"},{\"@type\":\"BreadcrumbList\",\"@id\":\"https:\\\/\\\/www.weingut-hirtl.at\\\/cs\\\/produkt\\\/gruener-veltliner-reserve-2018\\\/#breadcrumb\",\"itemListElement\":[{\"@type\":\"ListItem\",\"position\":1,\"name\":\"Startseite\",\"item\":\"https:\\\/\\\/www.weingut-hirtl.at\\\/cs\\\/\"},{\"@type\":\"ListItem\",\"position\":2,\"name\":\"Shop\",\"item\":\"https:\\\/\\\/www.weingut-hirtl.at\\\/shop\\\/\"},{\"@type\":\"ListItem\",\"position\":3,\"name\":\"Gr\u00fcner Veltliner Reserve 2018\"}]},{\"@type\":\"WebSite\",\"@id\":\"https:\\\/\\\/www.weingut-hirtl.at\\\/cs\\\/#website\",\"url\":\"https:\\\/\\\/www.weingut-hirtl.at\\\/cs\\\/\",\"name\":\"Weingut Hirtl\",\"description\":\"\",\"publisher\":{\"@id\":\"https:\\\/\\\/www.weingut-hirtl.at\\\/cs\\\/#organization\"},\"potentialAction\":[{\"@type\":\"SearchAction\",\"target\":{\"@type\":\"EntryPoint\",\"urlTemplate\":\"https:\\\/\\\/www.weingut-hirtl.at\\\/cs\\\/?s={search_term_string}\"},\"query-input\":{\"@type\":\"PropertyValueSpecification\",\"valueRequired\":true,\"valueName\":\"search_term_string\"}}],\"inLanguage\":\"cs\"},{\"@type\":\"Organization\",\"@id\":\"https:\\\/\\\/www.weingut-hirtl.at\\\/cs\\\/#organization\",\"name\":\"Weingut Hirtl\",\"url\":\"https:\\\/\\\/www.weingut-hirtl.at\\\/cs\\\/\",\"logo\":{\"@type\":\"ImageObject\",\"inLanguage\":\"cs\",\"@id\":\"https:\\\/\\\/www.weingut-hirtl.at\\\/cs\\\/#\\\/schema\\\/logo\\\/image\\\/\",\"url\":\"https:\\\/\\\/www.weingut-hirtl.at\\\/www\\\/wp-content\\\/uploads\\\/2024\\\/04\\\/Hirtl_Logo-1024x819-1.jpg\",\"contentUrl\":\"https:\\\/\\\/www.weingut-hirtl.at\\\/www\\\/wp-content\\\/uploads\\\/2024\\\/04\\\/Hirtl_Logo-1024x819-1.jpg\",\"width\":1024,\"height\":819,\"caption\":\"Weingut Hirtl\"},\"image\":{\"@id\":\"https:\\\/\\\/www.weingut-hirtl.at\\\/cs\\\/#\\\/schema\\\/logo\\\/image\\\/\"},\"sameAs\":[\"https:\\\/\\\/www.facebook.com\\\/Wein.Hirtl\",\"https:\\\/\\\/www.instagram.com\\\/weingut_hirtl\\\/\"]}]}<\/script>\n<!-- \/ Yoast SEO plugin. -->","yoast_head_json":{"title":"Gr\u00fcner Veltliner Reserve 2018 | Weingut Hirtl","robots":{"index":"index","follow":"follow","max-snippet":"max-snippet:-1","max-image-preview":"max-image-preview:large","max-video-preview":"max-video-preview:-1"},"canonical":"https:\/\/www.weingut-hirtl.at\/cs\/produkt\/gruener-veltliner-reserve-2018\/","og_locale":"cs_CZ","og_type":"article","og_title":"Gr\u00fcner Veltliner Reserve 2018 | Weingut Hirtl","og_description":"Siln\u00fd Gr\u00fcner Veltliner s elegantn\u00ed vyzr\u00e1lost\u00ed. Ve v\u016fni se projevuje zral\u00e9 j\u00e1drov\u00e9 ovoce a jemn\u00e1 ko\u0159enitost, na pat\u0159e je such\u00fd s harmonick\u00fdm zbytkov\u00fdm cukrem a \u017eivou, pikantn\u00ed kyselinou. T\u00f3ny zral\u00e9 hru\u0161ky dopln\u011bn\u00e9 ko\u0159enit\u00fdmi n\u00e1znaky pep\u0159e a nov\u00e9ho ko\u0159en\u00ed mu dod\u00e1vaj\u00ed hloubku. Kr\u00e9mov\u00fd, vyv\u00e1\u017een\u00fd a s dlouhou dochut\u00ed \u2013 charakteristick\u00fd Veltliner pro v\u00fdjime\u010dn\u00e9 chv\u00edle.  Zralost k pit\u00ed: 2-8 roky Obsah: 0,75l  13 sv. % | such\u00e9","og_url":"https:\/\/www.weingut-hirtl.at\/cs\/produkt\/gruener-veltliner-reserve-2018\/","og_site_name":"Weingut Hirtl","article_publisher":"https:\/\/www.facebook.com\/Wein.Hirtl","article_modified_time":"2026-04-07T15:10:11+00:00","og_image":[{"width":600,"height":600,"url":"https:\/\/www.weingut-hirtl.at\/www\/wp-content\/uploads\/2021\/10\/Weinviertel-DAC-Reserve-2018-Weingut-Hirtl.png","type":"image\/png"}],"twitter_card":"summary_large_image","schema":{"@context":"https:\/\/schema.org","@graph":[{"@type":"WebPage","@id":"https:\/\/www.weingut-hirtl.at\/cs\/produkt\/gruener-veltliner-reserve-2018\/","url":"https:\/\/www.weingut-hirtl.at\/cs\/produkt\/gruener-veltliner-reserve-2018\/","name":"Gr\u00fcner Veltliner Reserve 2018 | Weingut Hirtl","isPartOf":{"@id":"https:\/\/www.weingut-hirtl.at\/cs\/#website"},"primaryImageOfPage":{"@id":"https:\/\/www.weingut-hirtl.at\/cs\/produkt\/gruener-veltliner-reserve-2018\/#primaryimage"},"image":{"@id":"https:\/\/www.weingut-hirtl.at\/cs\/produkt\/gruener-veltliner-reserve-2018\/#primaryimage"},"thumbnailUrl":"https:\/\/www.weingut-hirtl.at\/www\/wp-content\/uploads\/2021\/10\/Weinviertel-DAC-Reserve-2018-Weingut-Hirtl.png","datePublished":"2021-10-12T12:46:22+00:00","dateModified":"2026-04-07T15:10:11+00:00","breadcrumb":{"@id":"https:\/\/www.weingut-hirtl.at\/cs\/produkt\/gruener-veltliner-reserve-2018\/#breadcrumb"},"inLanguage":"cs","potentialAction":[{"@type":"ReadAction","target":["https:\/\/www.weingut-hirtl.at\/cs\/produkt\/gruener-veltliner-reserve-2018\/"]}]},{"@type":"ImageObject","inLanguage":"cs","@id":"https:\/\/www.weingut-hirtl.at\/cs\/produkt\/gruener-veltliner-reserve-2018\/#primaryimage","url":"https:\/\/www.weingut-hirtl.at\/www\/wp-content\/uploads\/2021\/10\/Weinviertel-DAC-Reserve-2018-Weingut-Hirtl.png","contentUrl":"https:\/\/www.weingut-hirtl.at\/www\/wp-content\/uploads\/2021\/10\/Weinviertel-DAC-Reserve-2018-Weingut-Hirtl.png","width":600,"height":600,"caption":"Kr\u00e4ftiger, gereifter Veltliner mit W\u00fcrze und langem Abgang"},{"@type":"BreadcrumbList","@id":"https:\/\/www.weingut-hirtl.at\/cs\/produkt\/gruener-veltliner-reserve-2018\/#breadcrumb","itemListElement":[{"@type":"ListItem","position":1,"name":"Startseite","item":"https:\/\/www.weingut-hirtl.at\/cs\/"},{"@type":"ListItem","position":2,"name":"Shop","item":"https:\/\/www.weingut-hirtl.at\/shop\/"},{"@type":"ListItem","position":3,"name":"Gr\u00fcner Veltliner Reserve 2018"}]},{"@type":"WebSite","@id":"https:\/\/www.weingut-hirtl.at\/cs\/#website","url":"https:\/\/www.weingut-hirtl.at\/cs\/","name":"Weingut Hirtl","description":"","publisher":{"@id":"https:\/\/www.weingut-hirtl.at\/cs\/#organization"},"potentialAction":[{"@type":"SearchAction","target":{"@type":"EntryPoint","urlTemplate":"https:\/\/www.weingut-hirtl.at\/cs\/?s={search_term_string}"},"query-input":{"@type":"PropertyValueSpecification","valueRequired":true,"valueName":"search_term_string"}}],"inLanguage":"cs"},{"@type":"Organization","@id":"https:\/\/www.weingut-hirtl.at\/cs\/#organization","name":"Weingut Hirtl","url":"https:\/\/www.weingut-hirtl.at\/cs\/","logo":{"@type":"ImageObject","inLanguage":"cs","@id":"https:\/\/www.weingut-hirtl.at\/cs\/#\/schema\/logo\/image\/","url":"https:\/\/www.weingut-hirtl.at\/www\/wp-content\/uploads\/2024\/04\/Hirtl_Logo-1024x819-1.jpg","contentUrl":"https:\/\/www.weingut-hirtl.at\/www\/wp-content\/uploads\/2024\/04\/Hirtl_Logo-1024x819-1.jpg","width":1024,"height":819,"caption":"Weingut Hirtl"},"image":{"@id":"https:\/\/www.weingut-hirtl.at\/cs\/#\/schema\/logo\/image\/"},"sameAs":["https:\/\/www.facebook.com\/Wein.Hirtl","https:\/\/www.instagram.com\/weingut_hirtl\/"]}]}},"_links":{"self":[{"href":"https:\/\/www.weingut-hirtl.at\/cs\/wp-json\/wp\/v2\/product\/8213","targetHints":{"allow":["GET"]}}],"collection":[{"href":"https:\/\/www.weingut-hirtl.at\/cs\/wp-json\/wp\/v2\/product"}],"about":[{"href":"https:\/\/www.weingut-hirtl.at\/cs\/wp-json\/wp\/v2\/types\/product"}],"replies":[{"embeddable":true,"href":"https:\/\/www.weingut-hirtl.at\/cs\/wp-json\/wp\/v2\/comments?post=8213"}],"wp:featuredmedia":[{"embeddable":true,"href":"https:\/\/www.weingut-hirtl.at\/cs\/wp-json\/wp\/v2\/media\/9302"}],"wp:attachment":[{"href":"https:\/\/www.weingut-hirtl.at\/cs\/wp-json\/wp\/v2\/media?parent=8213"}],"wp:term":[{"taxonomy":"product_brand","embeddable":true,"href":"https:\/\/www.weingut-hirtl.at\/cs\/wp-json\/wp\/v2\/product_brand?post=8213"},{"taxonomy":"product_cat","embeddable":true,"href":"https:\/\/www.weingut-hirtl.at\/cs\/wp-json\/wp\/v2\/product_cat?post=8213"},{"taxonomy":"product_tag","embeddable":true,"href":"https:\/\/www.weingut-hirtl.at\/cs\/wp-json\/wp\/v2\/product_tag?post=8213"}],"curies":[{"name":"wp","href":"https:\/\/api.w.org\/{rel}","templated":true}]}}